{"id":25,"date":"2020-12-08T10:29:38","date_gmt":"2020-12-08T09:29:38","guid":{"rendered":"http:\/\/malerei-oberlechner.server142.net\/?page_id=25"},"modified":"2021-05-24T17:52:48","modified_gmt":"2021-05-24T15:52:48","slug":"home","status":"publish","type":"page","link":"https:\/\/www.malerei-oberlechner.it\/","title":{"rendered":"Home"},"content":{"rendered":"<p>[et_pb_section fb_built=&#8220;1&#8243; _builder_version=&#8220;4.9.4&#8243; _module_preset=&#8220;default&#8220; background_image=&#8220;http:\/\/malerei-oberlechner.server142.net\/wp-content\/uploads\/2021\/01\/header-2.jpg&#8220; height=&#8220;90vh&#8220; height_tablet=&#8220;&#8220; height_phone=&#8220;&#8220; height_last_edited=&#8220;on|desktop&#8220;][et_pb_row _builder_version=&#8220;4.6.1&#8243; _module_preset=&#8220;default&#8220; custom_margin=&#8220;|auto|56px|auto||&#8220;][et_pb_column type=&#8220;4_4&#8243; _builder_version=&#8220;4.6.1&#8243; _module_preset=&#8220;default&#8220;][et_pb_image src=&#8220;http:\/\/malerei-oberlechner.server142.net\/wp-content\/uploads\/2020\/12\/Logo-Schrift.png&#8220; title_text=&#8220;Logo-Schrift&#8220; _builder_version=&#8220;4.9.4&#8243; _module_preset=&#8220;default&#8220; width=&#8220;45%&#8220; custom_margin=&#8220;130px||||false|false&#8220; custom_padding=&#8220;||87px|||&#8220; min_height=&#8220;177px&#8220;][\/et_pb_image][\/et_pb_column][\/et_pb_row][\/et_pb_section][et_pb_section fb_built=&#8220;1&#8243; _builder_version=&#8220;4.6.1&#8243; _module_preset=&#8220;default&#8220;][et_pb_row disabled_on=&#8220;on|on|off&#8220; _builder_version=&#8220;4.7.7&#8243; _module_preset=&#8220;default&#8220;][et_pb_column type=&#8220;4_4&#8243; _builder_version=&#8220;4.6.1&#8243; _module_preset=&#8220;default&#8220;][et_pb_divider show_divider=&#8220;off&#8220; _builder_version=&#8220;4.6.1&#8243; _module_preset=&#8220;default&#8220;][\/et_pb_divider][\/et_pb_column][\/et_pb_row][et_pb_row _builder_version=&#8220;4.6.1&#8243; _module_preset=&#8220;default&#8220;][et_pb_column type=&#8220;4_4&#8243; _builder_version=&#8220;4.6.1&#8243; _module_preset=&#8220;default&#8220;][et_pb_text _builder_version=&#8220;4.8.1&#8243; _module_preset=&#8220;default&#8220; background_enable_color=&#8220;off&#8220; width=&#8220;90%&#8220; module_alignment=&#8220;center&#8220;]<\/p>\n<h1 style=\"text-align: center;\"><span style=\"color: #5b8cc7;\">Malerei Oberlechner aus dem Pustertal, S\u00fcdtirol<\/span><\/h1>\n<p style=\"text-align: center;\">In den ersten 10 Jahren seiner beruflichen Laufbahn hat Christian Oberlechner vorwiegend als Kirchenmaler und Restaurator gearbeitet, bevor er\u00a0dann\u00a0im Jahre 2002\u00a0die Firma Malerei Oberlechner gr\u00fcndete.<\/p>\n<p style=\"text-align: center;\">Unsere\u00a0Hauptt\u00e4tigkeiten sind Maler- und Lackierarbeiten im Innen- und Au\u00dfenbereich, Gips- und Trockenbauarbeiten aller Art und Sandstrahlen von jeglichen Materialien. Zudem beraten und unterst\u00fctzen\u00a0wir\u00a0mit der Vereinigung ECO S\u00fcdtirol unsere Kunden in den Bereichen gesundes\u00a0Wohnklima &amp; Schimmelbek\u00e4mpfung.<\/p>\n<p>[\/et_pb_text][\/et_pb_column][\/et_pb_row][et_pb_row disabled_on=&#8220;on|on|off&#8220; _builder_version=&#8220;4.7.7&#8243; _module_preset=&#8220;default&#8220;][et_pb_column type=&#8220;4_4&#8243; _builder_version=&#8220;4.6.1&#8243; _module_preset=&#8220;default&#8220;][et_pb_divider show_divider=&#8220;off&#8220; _builder_version=&#8220;4.6.1&#8243; _module_preset=&#8220;default&#8220;][\/et_pb_divider][\/et_pb_column][\/et_pb_row][\/et_pb_section][et_pb_section fb_built=&#8220;1&#8243; fullwidth=&#8220;on&#8220; disabled_on=&#8220;on|on|off&#8220; _builder_version=&#8220;4.7.7&#8243; _module_preset=&#8220;default&#8220; animation_style=&#8220;slide&#8220; animation_intensity_slide=&#8220;30%&#8220; animation_starting_opacity=&#8220;50%&#8220;][et_pb_fullwidth_image src=&#8220;http:\/\/malerei-oberlechner.server142.net\/wp-content\/uploads\/2020\/12\/Bewertung-Home.jpg&#8220; title_text=&#8220;Bewertung-Home&#8220; _builder_version=&#8220;4.6.1&#8243; _module_preset=&#8220;default&#8220;][\/et_pb_fullwidth_image][\/et_pb_section][et_pb_section fb_built=&#8220;1&#8243; fullwidth=&#8220;on&#8220; disabled_on=&#8220;off|off|on&#8220; _builder_version=&#8220;4.7.7&#8243; _module_preset=&#8220;default&#8220;][et_pb_fullwidth_image src=&#8220;http:\/\/malerei-oberlechner.server142.net\/wp-content\/uploads\/2021\/01\/Bewertung-tablet-scaled.jpg&#8220; title_text=&#8220;Bewertung-tablet&#8220; disabled_on=&#8220;off|off|off&#8220; _builder_version=&#8220;4.7.7&#8243; _module_preset=&#8220;default&#8220;][\/et_pb_fullwidth_image][\/et_pb_section][et_pb_section fb_built=&#8220;1&#8243; _builder_version=&#8220;4.6.1&#8243; _module_preset=&#8220;default&#8220;][et_pb_row _builder_version=&#8220;4.6.1&#8243; _module_preset=&#8220;default&#8220;][et_pb_column type=&#8220;4_4&#8243; _builder_version=&#8220;4.6.1&#8243; _module_preset=&#8220;default&#8220;][et_pb_divider show_divider=&#8220;off&#8220; _builder_version=&#8220;4.6.1&#8243; _module_preset=&#8220;default&#8220;][\/et_pb_divider][\/et_pb_column][\/et_pb_row][et_pb_row column_structure=&#8220;1_3,1_3,1_3&#8243; _builder_version=&#8220;4.6.1&#8243; _module_preset=&#8220;default&#8220;][et_pb_column type=&#8220;1_3&#8243; _builder_version=&#8220;4.6.1&#8243; _module_preset=&#8220;default&#8220;][et_pb_blurb title=&#8220;Privatkunden&#8220; image=&#8220;http:\/\/malerei-oberlechner.server142.net\/wp-content\/uploads\/2020\/12\/Privatkunden.png&#8220; image_max_width=&#8220;75%&#8220; _builder_version=&#8220;4.7.7&#8243; _module_preset=&#8220;default&#8220; header_font=&#8220;|700|||||||&#8220; header_text_color=&#8220;#6a5e54&#8243; header_font_size=&#8220;20px&#8220; body_text_color=&#8220;#6a5e54&#8243; text_orientation=&#8220;center&#8220; custom_margin_tablet=&#8220;||45px||false|false&#8220; custom_margin_phone=&#8220;&#8220; custom_margin_last_edited=&#8220;on|phone&#8220;]<\/p>\n<p style=\"text-align: center;\">Ob es um Dekor- und Edelputze, Wappen und Dekorationen, Decken- und Wandgestaltungen oder das Neu-Streichen Ihrer vier W\u00e4nde geht\u2026 Wir sind f\u00fcr jedes Vorhaben der ideale Partner.<\/p>\n<p>[\/et_pb_blurb][\/et_pb_column][et_pb_column type=&#8220;1_3&#8243; _builder_version=&#8220;4.6.1&#8243; _module_preset=&#8220;default&#8220;][et_pb_blurb title=&#8220;Kondominien&#8220; image=&#8220;http:\/\/malerei-oberlechner.server142.net\/wp-content\/uploads\/2020\/12\/Kondominien.png&#8220; image_max_width=&#8220;75%&#8220; _builder_version=&#8220;4.8.1&#8243; _module_preset=&#8220;default&#8220; header_font=&#8220;|700|||||||&#8220; header_text_color=&#8220;#6a5e54&#8243; header_font_size=&#8220;20px&#8220; body_text_color=&#8220;#6a5e54&#8243; text_orientation=&#8220;center&#8220; custom_margin_tablet=&#8220;||45px||false|false&#8220; custom_margin_phone=&#8220;&#8220; custom_margin_last_edited=&#8220;on|tablet&#8220;]<\/p>\n<p style=\"text-align: center;\">Wir schrecken auch vor Gro\u00dfbau-Arbeiten nicht zur\u00fcck. Wir bieten u.a. auch Gipsbau und Spezialkonstruktionen an und helfen bei Planung &amp; Pr\u00e4sentation.<\/p>\n<p>[\/et_pb_blurb][\/et_pb_column][et_pb_column type=&#8220;1_3&#8243; _builder_version=&#8220;4.6.1&#8243; _module_preset=&#8220;default&#8220;][et_pb_blurb title=&#8220;Firmenkunden&#8220; image=&#8220;http:\/\/malerei-oberlechner.server142.net\/wp-content\/uploads\/2020\/12\/Firmenkunden.png&#8220; image_max_width=&#8220;75%&#8220; _builder_version=&#8220;4.6.1&#8243; _module_preset=&#8220;default&#8220; header_font=&#8220;|700|||||||&#8220; header_text_color=&#8220;#6a5e54&#8243; header_font_size=&#8220;20px&#8220; body_text_color=&#8220;#6a5e54&#8243; text_orientation=&#8220;center&#8220;]<\/p>\n<p style=\"text-align: center;\">Werden Sie einer unserer zufriedenen Firmenkunden und vertrauen Sie uns Ihr Geb\u00e4ude an.<br \/> Wir punkten stets in Zuverl\u00e4ssigkeit und Sauberkeit.<\/p>\n<p>[\/et_pb_blurb][\/et_pb_column][\/et_pb_row][et_pb_row disabled_on=&#8220;on|on|off&#8220; _builder_version=&#8220;4.7.7&#8243; _module_preset=&#8220;default&#8220;][et_pb_column type=&#8220;4_4&#8243; _builder_version=&#8220;4.6.1&#8243; _module_preset=&#8220;default&#8220;][et_pb_divider show_divider=&#8220;off&#8220; _builder_version=&#8220;4.6.1&#8243; _module_preset=&#8220;default&#8220;][\/et_pb_divider][\/et_pb_column][\/et_pb_row][\/et_pb_section][et_pb_section fb_built=&#8220;1&#8243; disabled_on=&#8220;on|on|off&#8220; _builder_version=&#8220;4.7.7&#8243; _module_preset=&#8220;default&#8220; background_image=&#8220;http:\/\/malerei-oberlechner.server142.net\/wp-content\/uploads\/2020\/12\/Farbrolle-Home.png&#8220; width=&#8220;90%&#8220; width_tablet=&#8220;100%&#8220; width_phone=&#8220;100%&#8220; width_last_edited=&#8220;on|tablet&#8220; module_alignment=&#8220;right&#8220; height=&#8220;45vh&#8220; height_tablet=&#8220;&#8220; height_phone=&#8220;&#8220; height_last_edited=&#8220;on|tablet&#8220; module_alignment_tablet=&#8220;center&#8220; module_alignment_phone=&#8220;center&#8220; module_alignment_last_edited=&#8220;on|phone&#8220;][et_pb_row _builder_version=&#8220;4.7.7&#8243; _module_preset=&#8220;default&#8220; width=&#8220;60%&#8220; width_tablet=&#8220;80%&#8220; width_phone=&#8220;&#8220; width_last_edited=&#8220;on|tablet&#8220; module_alignment=&#8220;right&#8220; custom_margin=&#8220;8vh||||false|false&#8220; custom_margin_tablet=&#8220;auto||4vh||false|false&#8220; custom_margin_phone=&#8220;&#8220; custom_margin_last_edited=&#8220;on|tablet&#8220; border_width_right=&#8220;200px&#8220; border_color_right=&#8220;rgba(0,0,0,0)&#8220;][et_pb_column type=&#8220;4_4&#8243; _builder_version=&#8220;4.7.7&#8243; _module_preset=&#8220;default&#8220;][et_pb_text _builder_version=&#8220;4.7.7&#8243; _module_preset=&#8220;default&#8220; text_text_color=&#8220;#ffffff&#8220; width=&#8220;100%&#8220; width_tablet=&#8220;&#8220; width_phone=&#8220;&#8220; width_last_edited=&#8220;on|phone&#8220; custom_margin_tablet=&#8220;||||false|false&#8220; custom_margin_phone=&#8220;||||false|false&#8220; custom_margin_last_edited=&#8220;on|tablet&#8220; module_alignment_tablet=&#8220;center&#8220; module_alignment_phone=&#8220;&#8220; module_alignment_last_edited=&#8220;on|tablet&#8220;]<\/p>\n<p style=\"text-align: center;\">Wir bieten unserem gesch\u00e4tzten Kunden einen breitgef\u00e4cherten und kompetenten T\u00e4tigkeitsbereich an. Unser Ziel ist es, die Arbeiten p\u00fcnktlich, sauber und zuverl\u00e4ssig auszuf\u00fchren. Wir bem\u00fchen uns stets mit hochwertigen Materialien gute Ergebnisse zu erzielen. \u00a0<\/p>\n<p>[\/et_pb_text][et_pb_button button_url=&#8220;@ET-DC@eyJkeW5hbWljIjp0cnVlLCJjb250ZW50IjoicG9zdF9saW5rX3VybF9wYWdlIiwic2V0dGluZ3MiOnsicG9zdF9pZCI6IjkwIn19@&#8220; button_text=&#8220;zu den Leistungen&#8220; button_alignment=&#8220;center&#8220; _builder_version=&#8220;4.6.1&#8243; _dynamic_attributes=&#8220;button_url&#8220; _module_preset=&#8220;default&#8220; custom_button=&#8220;on&#8220; button_text_size=&#8220;18px&#8220; button_border_width=&#8220;1px&#8220; button_border_color=&#8220;#fbe000&#8243; button_icon=&#8220;%%3%%&#8220; background_layout=&#8220;dark&#8220;][\/et_pb_button][\/et_pb_column][\/et_pb_row][\/et_pb_section][et_pb_section fb_built=&#8220;1&#8243; disabled_on=&#8220;off|off|on&#8220; _builder_version=&#8220;4.7.7&#8243; _module_preset=&#8220;default&#8220; background_image=&#8220;http:\/\/malerei-oberlechner.server142.net\/wp-content\/uploads\/2021\/01\/Farbrolle-tablet-handy.png&#8220;][et_pb_row _builder_version=&#8220;4.7.7&#8243; _module_preset=&#8220;default&#8220;][et_pb_column type=&#8220;4_4&#8243; _builder_version=&#8220;4.7.7&#8243; _module_preset=&#8220;default&#8220;][et_pb_divider show_divider=&#8220;off&#8220; _builder_version=&#8220;4.7.7&#8243; _module_preset=&#8220;default&#8220;][\/et_pb_divider][et_pb_divider show_divider=&#8220;off&#8220; _builder_version=&#8220;4.7.7&#8243; _module_preset=&#8220;default&#8220;][\/et_pb_divider][et_pb_text _builder_version=&#8220;4.7.7&#8243; _module_preset=&#8220;default&#8220; text_text_color=&#8220;#ffffff&#8220;]<\/p>\n<p style=\"text-align: center;\">Wir bieten unserem gesch\u00e4tzten Kunden einen breitgef\u00e4cherten und kompetenten T\u00e4tigkeitsbereich an. Unser Ziel ist es, die Arbeiten p\u00fcnktlich, sauber und zuverl\u00e4ssig auszuf\u00fchren. Wir bem\u00fchen uns stets mit hochwertigen Materialien gute Ergebnisse zu erzielen.<\/p>\n<p>[\/et_pb_text][et_pb_button button_url=&#8220;@ET-DC@eyJkeW5hbWljIjp0cnVlLCJjb250ZW50IjoicG9zdF9saW5rX3VybF9wYWdlIiwic2V0dGluZ3MiOnsicG9zdF9pZCI6IjkwIn19@&#8220; button_text=&#8220;zu den Leistungen&#8220; button_alignment=&#8220;center&#8220; _builder_version=&#8220;4.6.1&#8243; _dynamic_attributes=&#8220;button_url&#8220; _module_preset=&#8220;default&#8220; custom_button=&#8220;on&#8220; button_text_size=&#8220;18px&#8220; button_border_width=&#8220;1px&#8220; button_border_color=&#8220;#fbe000&#8243; button_icon=&#8220;%%3%%&#8220; background_layout=&#8220;dark&#8220;][\/et_pb_button][et_pb_divider show_divider=&#8220;off&#8220; _builder_version=&#8220;4.7.7&#8243; _module_preset=&#8220;default&#8220;][\/et_pb_divider][et_pb_divider show_divider=&#8220;off&#8220; _builder_version=&#8220;4.7.7&#8243; _module_preset=&#8220;default&#8220;][\/et_pb_divider][\/et_pb_column][\/et_pb_row][\/et_pb_section][et_pb_section fb_built=&#8220;1&#8243; disabled_on=&#8220;off|off|off&#8220; _builder_version=&#8220;4.7.7&#8243; _module_preset=&#8220;default&#8220;][et_pb_row _builder_version=&#8220;4.6.1&#8243; _module_preset=&#8220;default&#8220;][et_pb_column type=&#8220;4_4&#8243; _builder_version=&#8220;4.6.1&#8243; _module_preset=&#8220;default&#8220;][et_pb_divider show_divider=&#8220;off&#8220; _builder_version=&#8220;4.6.1&#8243; _module_preset=&#8220;default&#8220;][\/et_pb_divider][\/et_pb_column][\/et_pb_row][\/et_pb_section][et_pb_section fb_built=&#8220;1&#8243; _builder_version=&#8220;4.6.1&#8243; _module_preset=&#8220;default&#8220; background_color=&#8220;#6a5e54&#8243; height=&#8220;200px&#8220; global_module=&#8220;31&#8243; saved_tabs=&#8220;all&#8220;][et_pb_row column_structure=&#8220;1_3,1_3,1_3&#8243; _builder_version=&#8220;4.6.1&#8243; _module_preset=&#8220;default&#8220; height=&#8220;120px&#8220; custom_margin=&#8220;-25px|auto||auto||&#8220;][et_pb_column type=&#8220;1_3&#8243; _builder_version=&#8220;4.6.1&#8243; _module_preset=&#8220;default&#8220;][et_pb_image src=&#8220;http:\/\/malerei-oberlechner.server142.net\/wp-content\/uploads\/2020\/12\/Farbe-Footer.png&#8220; title_text=&#8220;Farbe-Footer&#8220; align_tablet=&#8220;center&#8220; align_phone=&#8220;&#8220; align_last_edited=&#8220;on|phone&#8220; _builder_version=&#8220;4.7.7&#8243; _module_preset=&#8220;default&#8220; width=&#8220;80%&#8220; custom_margin=&#8220;-115px||||false|false&#8220;][\/et_pb_image][\/et_pb_column][et_pb_column type=&#8220;1_3&#8243; _builder_version=&#8220;4.6.1&#8243; _module_preset=&#8220;default&#8220;][et_pb_text _builder_version=&#8220;4.7.7&#8243; _module_preset=&#8220;default&#8220; text_text_color=&#8220;#ffffff&#8220; text_orientation_tablet=&#8220;center&#8220; text_orientation_phone=&#8220;&#8220; text_orientation_last_edited=&#8220;on|phone&#8220;]<\/p>\n<p>Malerei Oberlechner<br \/> des Oberlechner Christian<br \/> Birkenweg 16<br \/> 39030 Percha<\/p>\n<p>[\/et_pb_text][\/et_pb_column][et_pb_column type=&#8220;1_3&#8243; _builder_version=&#8220;4.6.1&#8243; _module_preset=&#8220;default&#8220;][et_pb_text _builder_version=&#8220;4.7.7&#8243; _module_preset=&#8220;default&#8220; text_text_color=&#8220;#ffffff&#8220; custom_margin_tablet=&#8220;||30px||false|false&#8220; custom_margin_phone=&#8220;&#8220; custom_margin_last_edited=&#8220;on|phone&#8220; text_orientation_tablet=&#8220;center&#8220; text_orientation_phone=&#8220;center&#8220; text_orientation_last_edited=&#8220;on|tablet&#8220;]<\/p>\n<p>malerei.oberlechner@outlook.com<\/p>\n<p>+39 348 82 59 036<\/p>\n<p>[\/et_pb_text][\/et_pb_column][\/et_pb_row][\/et_pb_section]<\/p>\n","protected":false},"excerpt":{"rendered":"<p>Malerei Oberlechner aus dem Pustertal, S\u00fcdtirol In den ersten 10 Jahren seiner beruflichen Laufbahn hat Christian Oberlechner vorwiegend als Kirchenmaler und Restaurator gearbeitet, bevor er\u00a0dann\u00a0im Jahre 2002\u00a0die Firma Malerei Oberlechner gr\u00fcndete. Unsere\u00a0Hauptt\u00e4tigkeiten sind Maler- und Lackierarbeiten im Innen- und Au\u00dfenbereich, Gips- und Trockenbauarbeiten aller Art und Sandstrahlen von jeglichen Materialien. Zudem beraten und unterst\u00fctzen\u00a0wir\u00a0mit der [&hellip;]<\/p>\n","protected":false},"author":1,"featured_media":0,"parent":0,"menu_order":10,"comment_status":"closed","ping_status":"closed","template":"","meta":{"_et_pb_use_builder":"on","_et_pb_old_content":"","_et_gb_content_width":"","footnotes":""},"_links":{"self":[{"href":"https:\/\/www.malerei-oberlechner.it\/index.php\/wp-json\/wp\/v2\/pages\/25"}],"collection":[{"href":"https:\/\/www.malerei-oberlechner.it\/index.php\/wp-json\/wp\/v2\/pages"}],"about":[{"href":"https:\/\/www.malerei-oberlechner.it\/index.php\/wp-json\/wp\/v2\/types\/page"}],"author":[{"embeddable":true,"href":"https:\/\/www.malerei-oberlechner.it\/index.php\/wp-json\/wp\/v2\/users\/1"}],"replies":[{"embeddable":true,"href":"https:\/\/www.malerei-oberlechner.it\/index.php\/wp-json\/wp\/v2\/comments?post=25"}],"version-history":[{"count":37,"href":"https:\/\/www.malerei-oberlechner.it\/index.php\/wp-json\/wp\/v2\/pages\/25\/revisions"}],"predecessor-version":[{"id":367,"href":"https:\/\/www.malerei-oberlechner.it\/index.php\/wp-json\/wp\/v2\/pages\/25\/revisions\/367"}],"wp:attachment":[{"href":"https:\/\/www.malerei-oberlechner.it\/index.php\/wp-json\/wp\/v2\/media?parent=25"}],"curies":[{"name":"wp","href":"https:\/\/api.w.org\/{rel}","templated":true}]}}